{"id":15,"date":"2020-10-23T12:19:14","date_gmt":"2020-10-23T10:19:14","guid":{"rendered":"http:\/\/bru-home.ulb.be\/wordpress\/?page_id=15"},"modified":"2023-07-05T15:31:49","modified_gmt":"2023-07-05T13:31:49","slug":"reports-2","status":"publish","type":"page","link":"https:\/\/bru-home.ulb.be\/wordpress\/reports-2\/","title":{"rendered":"Publications"},"content":{"rendered":"\n<figure class=\"wp-block-image size-large\"><img loading=\"lazy\" decoding=\"async\" width=\"1024\" height=\"473\" src=\"http:\/\/bru-home.ulb.be\/wordpress\/wp-content\/uploads\/2020\/10\/Reports_filtre-1024x473.png\" alt=\"\" class=\"wp-image-65\" srcset=\"https:\/\/bru-home.ulb.be\/wordpress\/wp-content\/uploads\/2020\/10\/Reports_filtre-1024x473.png 1024w, https:\/\/bru-home.ulb.be\/wordpress\/wp-content\/uploads\/2020\/10\/Reports_filtre-300x139.png 300w, https:\/\/bru-home.ulb.be\/wordpress\/wp-content\/uploads\/2020\/10\/Reports_filtre-768x355.png 768w, https:\/\/bru-home.ulb.be\/wordpress\/wp-content\/uploads\/2020\/10\/Reports_filtre-1536x709.png 1536w, https:\/\/bru-home.ulb.be\/wordpress\/wp-content\/uploads\/2020\/10\/Reports_filtre-1568x724.png 1568w, https:\/\/bru-home.ulb.be\/wordpress\/wp-content\/uploads\/2020\/10\/Reports_filtre.png 1683w\" sizes=\"auto, (max-width: 1024px) 100vw, 1024px\" \/><\/figure>\n\n\n\n<h5 class=\"wp-block-heading\">Published articles<\/h5>\n\n\n\n<ul class=\"wp-block-list\">\n<li><a rel=\"noreferrer noopener\" href=\"https:\/\/journals.openedition.org\/brussels\/6513\" data-type=\"URL\" data-id=\"https:\/\/journals.openedition.org\/brussels\/6513\" target=\"_blank\">\u00ab\u00a0Housing evictions in Brussels: how many, who and where?\u00a0\u00bb<\/a>,\u00a0<em>Brussels Studies<\/em>, February 2023<\/li>\n\n\n\n<li><a rel=\"noreferrer noopener\" href=\"https:\/\/bsiposition.hypotheses.org\/2542\" target=\"_blank\">\u00ab How public policies worsen vulnerable situations \u00bb<\/a>, <em>BSI Position Papers,\u00a0<\/em>June 2023<\/li>\n<\/ul>\n\n\n\n<h5 class=\"wp-block-heading\">Recorded presentations<\/h5>\n\n\n\n<ul class=\"wp-block-list\">\n<li>Video (FR, NL): <a rel=\"noreferrer noopener\" href=\"https:\/\/www.youtube.com\/watch?v=ar8UjqBEwC0&amp;list=PLQ3uOzWd9MNzQNEW2c8cnYeItEfLTt5IO&amp;index=8\" target=\"_blank\">Audition \u00e0 la commission du Logement du Parlement bruxellois<\/a>, janvier 2023<\/li>\n\n\n\n<li>Videos (FR, EN): <a rel=\"noreferrer noopener\" href=\"https:\/\/youtube.com\/playlist?list=PLQlpuesjurLYWDWsgCDZpbXzMmTY5XJks\" target=\"_blank\">Housing Evictions: understanding them better to better prevent them<\/a>, presentations at the end-of-project event, May 2023<\/li>\n<\/ul>\n\n\n\n<h5 class=\"wp-block-heading\">Research reports<\/h5>\n\n\n\n<ul class=\"wp-block-list\">\n<li>Policy recommendations (FR) : <a rel=\"noreferrer noopener\" href=\"https:\/\/bru-home.ulb.be\/reports\/recommandations_politiques.pdf\" target=\"_blank\">Comment pr\u00e9venir les expulsions de logement \u00e0 Bruxelles<\/a>, juin 2023<\/li>\n\n\n\n<li>Final report : <a rel=\"noreferrer noopener\" href=\"https:\/\/bru-home.ulb.be\/reports\/final_report.pdf\" target=\"_blank\">The prevalence and consequences of evictions for the housing precariat in Brussel, final report for Innoviris<\/a>, June 2023<\/li>\n\n\n\n<li>Quantitative report (FR) : <a rel=\"noreferrer noopener\" href=\"https:\/\/bru-home.ulb.be\/reports\/bh_rapport_quanti.pdf\" target=\"_blank\">\u00c9tat des lieux chiffr\u00e9 et spatialis\u00e9 des expulsions de logement \u00e0 Bruxelles<\/a>, juillet 2022<\/li>\n\n\n\n<li>State of the art review: <a rel=\"noreferrer noopener\" href=\"http:\/\/bru-home.ulb.be\/reports\/state_of_the_arts.pdf\" target=\"_blank\">The prevalence and consequences of evictions for the housing precariat in Brussels, a state of the arts<\/a>, March 2021<\/li>\n\n\n\n<li>Mid-term methodology report: <a rel=\"noreferrer noopener\" href=\"http:\/\/bru-home.ulb.be\/reports\/methodology.pdf\" target=\"_blank\">Mapping housing evictions in Brussels<\/a>, March 2021<\/li>\n<\/ul>\n\n\n\n<h5 class=\"wp-block-heading\">In the press<\/h5>\n\n\n\n<ul class=\"wp-block-list\">\n<li>Article :\u00a0<a rel=\"noreferrer noopener\" href=\"https:\/\/www.bruzz.be\/samenleving\/onderzoekers-ulb-overheid-versterkt-kwetsbaarheden-woningmarkt-2023-06-19\" target=\"_blank\">Onderzoekers ULB: \u2018Overheid versterkt kwetsbaarheden woningmarkt\u2019<\/a>, BRUZZ, Juni 2023<\/li>\n\n\n\n<li>Radio&nbsp;: <a rel=\"noreferrer noopener\" href=\"https:\/\/auvio.rtbf.be\/media\/tendances-premiere-le-dossier-3037560\" target=\"_blank\">Le Dossier Droit au logement : Pour un logement digne pour chacun !<\/a> Tendances Premi\u00e8re, RTBF radio, mai 2023<\/li>\n\n\n\n<li>Article : <a rel=\"noreferrer noopener\" href=\"https:\/\/mocbxl.be\/le-logement-enjeu-de-classe\/\" target=\"_blank\">Les expulsions masquent-elles des loyers impay\u00e9s ou des loyers impayables&nbsp;?<\/a> Mouvements, mars 2023 (pages 29 \u00e0 34)<\/li>\n\n\n\n<li>Article + radio : <a rel=\"noreferrer noopener\" href=\"https:\/\/www.rtbf.be\/article\/3900-expulsions-de-logements-sont-prononcees-chaque-annee-en-region-bruxelloise-11152000\" target=\"_blank\">3900 expulsions de logements sont prononc\u00e9es chaque ann\u00e9e en r\u00e9gion bruxelloise<\/a>, RTBF radio, f\u00e9vrier 2023<\/li>\n\n\n\n<li>Radio : <a rel=\"noreferrer noopener\" href=\"https:\/\/bx1.be\/radio-chronique\/le-journal-de-8h-13-02-2023\/?theme=classic\" target=\"_blank\">journal de 8h<\/a>, BX1, f\u00e9vrier 2023<\/li>\n\n\n\n<li>Article :\u00a0<a rel=\"noreferrer noopener\" href=\"https:\/\/www.mo.be\/reportage\/geen-dak-boven-je-hoofd\" target=\"_blank\">Geen dak boven je hoofd in Brussel? Zo voelt dat<\/a>, MO, Januari 2023<\/li>\n\n\n\n<li>Radio : <a rel=\"noreferrer noopener\" href=\"https:\/\/rcf.fr\/culture-et-societe\/bruxelles-ma-belge?episode=252007\" target=\"_blank\">Cartographie des expulsions,<\/a> Bruxelles ma Belge (RCF radio), mai 2022 (d\u00e9but \u00e0 31 minutes)<\/li>\n\n\n\n<li>Article : <a rel=\"noreferrer noopener\" href=\"https:\/\/www.alterechos.be\/expulsions-la-carte-et-le-territoire-bruxellois\/\" target=\"_blank\">Expulsions&nbsp;: la carte et le territoire bruxellois,<\/a> Alter \u00c9chos, avril 2022<\/li>\n\n\n\n<li>Article : <a rel=\"noreferrer noopener\" href=\"https:\/\/www.brusselstimes.com\/210941\/just-the-tip-of-the-iceberg-nearly-4000-brussels-families-evicted-in-one-year\" target=\"_blank\">\u2018Just the tip of the iceberg\u2019: Nearly 4,000 Brussels families evicted in one year,<\/a> The Brussels Times, March 2022<\/li>\n\n\n\n<li>Article : <a rel=\"noreferrer noopener\" href=\"https:\/\/www.vrt.be\/vrtnws\/nl\/2022\/03\/16\/uithuiszettingen-brussel-onderzoek\/\" target=\"_blank\">Rechters laten bijna 4.000 Brusselse gezinnen uit huis zetten op \u00e9\u00e9n jaar tijd,<\/a> VRT NWS, Maart 2022<\/li>\n\n\n\n<li>Article : <a rel=\"noreferrer noopener\" href=\"https:\/\/www.bruzz.be\/samenleving\/4000-brusselse-gezinnen-uit-hun-huis-gezet-een-jaar-tijd-2022-03-16\" target=\"_blank\">4.000 Brusselse gezinnen uit hun huis gezet in \u00e9\u00e9n jaar tijd,<\/a> BRUZZ, Maart 2022<\/li>\n\n\n\n<li>Article : <a rel=\"noreferrer noopener\" href=\"https:\/\/bx1.be\/categories\/news\/les-expulsions-enfin-cartographiees-a-bruxelles-mieux-comprendre-les-causes-et-consequences\/\" target=\"_blank\">Les expulsions enfin cartographi\u00e9es \u00e0 Bruxelles : \u201cMieux comprendre les causes et cons\u00e9quences\u201d<\/a>, BX1, mars 2022<\/li>\n<\/ul>\n","protected":false},"excerpt":{"rendered":"<p>Published articles Recorded presentations Research reports In the press<\/p>\n","protected":false},"author":1,"featured_media":0,"parent":0,"menu_order":0,"comment_status":"closed","ping_status":"closed","template":"","meta":{"footnotes":""},"class_list":["post-15","page","type-page","status-publish","hentry","entry"],"_links":{"self":[{"href":"https:\/\/bru-home.ulb.be\/wordpress\/wp-json\/wp\/v2\/pages\/15","targetHints":{"allow":["GET"]}}],"collection":[{"href":"https:\/\/bru-home.ulb.be\/wordpress\/wp-json\/wp\/v2\/pages"}],"about":[{"href":"https:\/\/bru-home.ulb.be\/wordpress\/wp-json\/wp\/v2\/types\/page"}],"author":[{"embeddable":true,"href":"https:\/\/bru-home.ulb.be\/wordpress\/wp-json\/wp\/v2\/users\/1"}],"replies":[{"embeddable":true,"href":"https:\/\/bru-home.ulb.be\/wordpress\/wp-json\/wp\/v2\/comments?post=15"}],"version-history":[{"count":7,"href":"https:\/\/bru-home.ulb.be\/wordpress\/wp-json\/wp\/v2\/pages\/15\/revisions"}],"predecessor-version":[{"id":352,"href":"https:\/\/bru-home.ulb.be\/wordpress\/wp-json\/wp\/v2\/pages\/15\/revisions\/352"}],"wp:attachment":[{"href":"https:\/\/bru-home.ulb.be\/wordpress\/wp-json\/wp\/v2\/media?parent=15"}],"curies":[{"name":"wp","href":"https:\/\/api.w.org\/{rel}","templated":true}]}}